{"id":5096,"date":"2022-05-12T15:33:58","date_gmt":"2022-05-12T15:33:58","guid":{"rendered":"https:\/\/www.semanadeladocencia.uchile.cl\/?page_id=5096"},"modified":"2023-06-28T22:03:25","modified_gmt":"2023-06-28T22:03:25","slug":"politica-de-privacidad-de-la-informacion-y-datos-personales-de-la-universidad-de-chile","status":"publish","type":"page","link":"https:\/\/www.semanadeladocencia.uchile.cl\/?page_id=5096","title":{"rendered":"Pol\u00edtica de Privacidad de la Informaci\u00f3n y Datos Personales de la Universidad de Chile"},"content":{"rendered":"\n<div class=\"wp-block-columns is-layout-flex wp-container-core-columns-is-layout-9d6595d7 wp-block-columns-is-layout-flex\">\n<div class=\"wp-block-column is-layout-flow wp-block-column-is-layout-flow\" style=\"flex-basis:66.66%\">\n<p>La Universidad de Chile, en adelante \u201cla Universidad\u201d, por medio del presente instrumento, pone en conocimiento de todas las personas que accedan a sus portales, en adelante \u201clos(as) usuarios(as)\u201d, la Pol\u00edtica de Privacidad de la Informaci\u00f3n y Datos Personales que a continuaci\u00f3n se detalla, estableci\u00e9ndose que, al acceder a cualquiera de sus portales, quien lo realice, estar\u00e1 conoci\u00e9ndola y acept\u00e1ndola.<\/p>\n\n\n\n<h3 class=\"wp-block-heading\">Objetivo<\/h3>\n\n\n\n<p>El objetivo de esta pol\u00edtica es informar a los(as) usuarios(as) respecto del tratamiento de la informaci\u00f3n y datos personales que se recogen a trav\u00e9s de las plataformas y sistemas computacionales de la Universidad de Chile.<\/p>\n\n\n\n<h3 class=\"wp-block-heading\">Alcance y \u00e1mbito de aplicaci\u00f3n<\/h3>\n\n\n\n<p>Los(as) usuarios(as) titulares de los datos que se recogen al acceder a los portales de la Universidad, tales como acad\u00e9micos(as), personal de colaboraci\u00f3n, estudiantes, proveedores, pacientes y en general todo(a) quien entregue datos personales, as\u00ed como los(as) acad\u00e9micos(as), personal de colaboraci\u00f3n y terceros que hagan tratamiento de dicha informaci\u00f3n.<\/p>\n\n\n\n<h3 class=\"wp-block-heading\">De los deberes y obligaciones<\/h3>\n\n\n\n<p>En virtud de lo dispuesto en el art\u00edculo 19 N\u00ba4 de la Constituci\u00f3n Pol\u00edtica de la Rep\u00fablica y lo preceptuado en la Ley N\u00ba19.628, sobre Protecci\u00f3n de la Vida Privada, a fin de asegurar la correcta utilizaci\u00f3n de la informaci\u00f3n recopilada a trav\u00e9s de las visitas a cualquiera de sus portales, la Universidad adoptar\u00e1 las medidas de seguridad necesarias para proteger la confidencialidad e integridad de los datos personales de sus titulares, tales como estudiantes, acad\u00e9micos(as), personal de colaboraci\u00f3n, proveedores, pacientes y en general todo(a) quien entregue datos personales a la Universidad, resguardando su privacidad.<\/p>\n\n\n\n<p>Los(as) responsables que intervengan en cualquier fase del tratamiento de los datos de car\u00e1cter personal estar\u00e1n obligados(as) a mantener reserva respecto de los mismos. De igual modo, tendr\u00e1n la obligaci\u00f3n de guardarlos y cuidarlos con la debida diligencia, cuando corresponda, deberes que subsistir\u00e1n a\u00fan despu\u00e9s de finalizar su relaci\u00f3n con la Universidad.<\/p>\n\n\n\n<p>Los datos entregados por los(as) usuarios(as), ser\u00e1n administrados y tratados por el personal de la Universidad, de manera concordante con la Ley N\u00b019.628, sobre Protecci\u00f3n de la Vida Privada, y de conformidad con las finalidades permitidas por el ordenamiento jur\u00eddico, evitando su uso indebido, alteraci\u00f3n o entrega a terceros. Sin perjuicio de lo anterior, la Universidad no se har\u00e1 responsable del uso que puedan dar terceras personas a los datos personales entregados por sus titulares en foros o espacios p\u00fablicos.<\/p>\n\n\n\n<p>En caso que, mediante contrato de prestaci\u00f3n de servicios, una entidad u organismo externo a la Universidad efect\u00fae el tratamiento del banco de datos de la Instituci\u00f3n, se contemplar\u00e1n cl\u00e1usulas de confidencialidad y tratamiento de datos en los contratos correspondientes, de manera que bajo ninguna circunstancia puedan utilizarse los datos con una finalidad diferente a la cual fueron entregados, garantizando est\u00e1ndares adecuados de seguridad, protegiendo los datos contra el tratamiento no autorizado, p\u00e9rdida, filtraci\u00f3n, da\u00f1o o destrucci\u00f3n, aplicando para ello las medidas t\u00e9cnicas u organizativas que sean necesarias.<\/p>\n\n\n\n<h3 class=\"wp-block-heading\">De la recopilaci\u00f3n y almacenamiento de los datos<\/h3>\n\n\n\n<p>Los datos personales de los(as) titulares ser\u00e1n utilizados para el cumplimiento de los fines indicados en las plataformas o sistemas computacionales respectivos y siempre dentro de las competencias y atribuciones legales de la Universidad, de acuerdo con lo preceptuado en el art\u00edculo 20 de la Ley N\u00b019.628, sobre Protecci\u00f3n de la Vida Privada. En cada plataforma o sistema computacional, se informar\u00e1 acerca de las finalidades espec\u00edficas para las que se recogen los datos.<\/p>\n\n\n\n<p>En los casos en que se pretenda realizar un tratamiento distinto de lo indicado, deber\u00e1 dejarse registro expl\u00edcito del consentimiento del (de la) titular.<\/p>\n\n\n\n<p>Los datos personales que los(as) titulares entreguen ser\u00e1n almacenados junto al resto de la informaci\u00f3n recopilada, con el fin de permitir el funcionamiento y mantenimiento de las plataformas o sistemas computacionales respectivos. En ning\u00fan caso estos datos ser\u00e1n tratados con fines diferentes, sin el previo consentimiento expl\u00edcito del (de la) titular.<\/p>\n\n\n\n<h3 class=\"wp-block-heading\">Del uso de la informaci\u00f3n<\/h3>\n\n\n\n<p>Los datos personales recogidos a trav\u00e9s de cualquier plataforma o sistema computacional ser\u00e1n almacenados \u00fanicamente durante el tiempo necesario para garantizar la prestaci\u00f3n del servicio o el cumplimiento de la finalidad para la cual fueron recabados.<\/p>\n\n\n\n<p>No se difundir\u00e1 informaci\u00f3n de car\u00e1cter personal a trav\u00e9s de la web institucional exceptuando la informaci\u00f3n contenida en el directorio de acad\u00e9micos(as), su directorio telef\u00f3nico (p\u00e1ginas blancas) o aquella que la persona autorice expresamente.<\/p>\n\n\n\n<p>Respecto de datos que no contengan identificaci\u00f3n personal de los(as) titulares y\/o visitantes de las p\u00e1ginas, estos podr\u00e1n ser utilizados para informar a \u00f3rganos de la administraci\u00f3n del Estado, en caso de ser solicitadas.<\/p>\n\n\n\n<h3 class=\"wp-block-heading\">De la utilizaci\u00f3n con fines estad\u00edsticos<\/h3>\n\n\n\n<p>Los datos recogidos a trav\u00e9s de plataformas o sistemas computacionales de la Universidad podr\u00e1n ser conservados y tratados con fines estad\u00edsticos, siempre y cuando no sea posible la identificaci\u00f3n de sus titulares.<\/p>\n\n\n\n<h3 class=\"wp-block-heading\">De la comunicaci\u00f3n a terceros de los datos<\/h3>\n\n\n\n<p>La Universidad podr\u00e1 comunicar, ceder, transferir, transmitir o realizar cualquier otra de las actuaciones dispuestas en la letra o) del art\u00edculo 2\u00b0 de la Ley N\u00b019.628, sobre Protecci\u00f3n de la Vida Privada, siempre que se trate de materias de su competencia y con sujeci\u00f3n a las normas establecidas en la citada Ley N\u00b019.628. En tales casos, no necesitar\u00e1 el consentimiento del titular. Sin perjuicio de lo anterior, la Universidad podr\u00e1 entregar los datos personales que maneje, seg\u00fan lo prescrito en la Ley N\u00b019.628, en los siguientes casos:<\/p>\n\n\n\n<ol class=\"wp-block-list\" type=\"a\">\n<li>Comunicaci\u00f3n de datos personales que sea necesaria para la prestaci\u00f3n de servicios con terceros, y siempre que ese tercero cumpla con las garant\u00edas necesarias sobre protecci\u00f3n de datos.<\/li>\n\n\n\n<li>Se trate de datos estad\u00edsticos, agregados y an\u00f3nimos.<\/li>\n\n\n\n<li>Se realice en cumplimiento de un mandato legal o un requerimiento judicial o en los casos en que sea necesario para garantizar la seguridad nacional o el inter\u00e9s p\u00fablico.<\/li>\n\n\n\n<li>En el contexto de la comisi\u00f3n de un delito y estos sean requeridos mediante orden judicial por el tribunal competente en la materia.<\/li>\n<\/ol>\n\n\n\n<h3 class=\"wp-block-heading\">De los derechos y deberes de los(as) titulares de los datos<\/h3>\n\n\n\n<p>El(la) titular podr\u00e1 en todo momento ejercer los derechos otorgados en la Ley N\u00ba19.628, sobre Protecci\u00f3n de la Vida Privada. En espec\u00edfico, podr\u00e1:<\/p>\n\n\n\n<ol class=\"wp-block-list\" type=\"a\">\n<li>Solicitar informaci\u00f3n sobre los datos relativos a su persona.<\/li>\n\n\n\n<li>Requerir que se modifiquen sus datos personales, cuando ellos no sean correctos o no est\u00e9n actualizados, si correspondiere.<\/li>\n\n\n\n<li>Solicitar la eliminaci\u00f3n o cancelaci\u00f3n de los datos entregados cuando as\u00ed lo desee, en tanto hayan dejado de ser necesarios o pertinentes seg\u00fan la finalidad para la cual hubieran sido recabados o registrados.<\/li>\n<\/ol>\n\n\n\n<p>El(la) usuario(a) titular registrado(a) en cualquier plataforma o sistema computacional de la Universidad se obliga a mantener en secreto, con el car\u00e1cter de informaci\u00f3n confidencial y reservada, sus claves de acceso, contrase\u00f1as o datos similares, asignados para acceder a cualquiera de sus servicios, siendo responsable de da\u00f1os y perjuicios de toda naturaleza derivados del mal uso de sus datos, realizado por s\u00ed mismo(a) o por terceros.<\/p>\n\n\n\n<h3 class=\"wp-block-heading\">Uso de cookies<\/h3>\n\n\n\n<p>La Universidad utilizar\u00e1 cookies propias y de terceros (Google Analytics) para recoger informaci\u00f3n, analizar modelos de tr\u00e1fico en nuestro sitio y compilar m\u00e9tricas, a fin de mejorar el contenido y facilitar el uso de los sitios, personalizando sus experiencias. No se almacenar\u00e1 informaci\u00f3n personal alguna en una cookie, ni podr\u00e1n asociarse a una persona identificada o identificable.<\/p>\n\n\n\n<h3 class=\"wp-block-heading\">Normativa relacionada<\/h3>\n\n\n\n<ul class=\"wp-block-list\">\n<li>Ley N\u00b019.628, sobre Protecci\u00f3n de la Vida Privada.<\/li>\n\n\n\n<li>Decreto N\u00b0779, de 2000, del Ministerio de Justicia, que aprueba reglamento del registro de bancos de datos personales a cargo de organismos p\u00fablicos.<\/li>\n<\/ul>\n\n\n\n<h3 class=\"wp-block-heading\">Modificaci\u00f3n de la Pol\u00edtica<\/h3>\n\n\n\n<p>La Universidad se reserva el derecho a modificar esta Pol\u00edtica de Privacidad en cualquier momento. El uso de este portal de navegaci\u00f3n tras la notificaci\u00f3n o anuncio de eventuales modificaciones constituir\u00e1 su aceptaci\u00f3n de tales cambios. La presente Pol\u00edtica de Privacidad de la Informaci\u00f3n y Datos Personales, no implica un acuerdo contractual entre los(as) titulares y la Universidad de Chile, sino que cumple un fin exclusivamente informativo.<\/p>\n\n\n\n<h3 class=\"wp-block-heading\">Incumplimiento de la Pol\u00edtica<\/h3>\n\n\n\n<p>El incumplimiento de alguna de las disposiciones de esta pol\u00edtica dar\u00e1 lugar a la responsabilidad y eventuales sanciones de conformidad a los deberes y obligaciones que al (la) infractor(a) le corresponda.<\/p>\n\n\n\n<p>De tal modo, el incumplimiento por parte de un(a) estudiante que implique una infracci\u00f3n a los deberes consagrados en el art\u00edculo 3\u00b0 del D.U. N\u00b0007586, de 1993, Reglamento de Estudiantes de la Universidad de Chile, podr\u00e1 acarrear alguna de las medidas disciplinarias consagradas en el D.U. N\u00b00026685, de 2019, Reglamento de Jurisdicci\u00f3n Disciplinaria de los y las Estudiantes de la Universidad de Chile.<\/p>\n\n\n\n<p>Asimismo, el incumplimiento por parte de un(a) acad\u00e9mico(a) o personal de colaboraci\u00f3n de la Universidad, podr\u00e1 dar lugar a las medidas disciplinarias establecidas por infracci\u00f3n a uno de los deberes y\/o prohibiciones dispuestas en la Ley N\u00b018.834, sobre Estatuto Administrativo, previa instrucci\u00f3n del correspondiente procedimiento disciplinario.<\/p>\n\n\n\n<p>Trat\u00e1ndose del incumplimiento por parte de una entidad externa o empresa que administre las bases de datos de la Universidad, se estar\u00e1 a las sanciones contenidas en el respectivo contrato. Lo anterior, ser\u00e1 sin perjuicio de la responsabilidad civil y\/o penal que en cada caso corresponda, y de lo establecido en el art\u00edculo 23 de la Ley N\u00b019.628, sobre Protecci\u00f3n de la Vida Privada.<\/p>\n\n\n\n<h3 class=\"wp-block-heading\">Definiciones dentro de la Pol\u00edtica<\/h3>\n\n\n\n<ol class=\"wp-block-list\" type=\"a\">\n<li><strong>Seguridad de la Informaci\u00f3n<\/strong>: Conjunto de medidas preventivas y reactivas de las organizaciones y sistemas tecnol\u00f3gicos que permiten resguardar y proteger la informaci\u00f3n buscando mantener la confidencialidad, la disponibilidad e integridad de datos.<\/li>\n\n\n\n<li><strong>Confidencialidad<\/strong>&nbsp;(parte de la triada de la informaci\u00f3n): Garantizar que la informaci\u00f3n sea accedida solamente por las personas indicadas.<\/li>\n\n\n\n<li><strong>Integridad<\/strong>&nbsp;(parte de la triada de la informaci\u00f3n): Asegurar que la informaci\u00f3n no ha sido modificada en cualquiera de sus tres estados, esto es, en el almacenamiento, proceso o tr\u00e1nsito.<\/li>\n\n\n\n<li><strong>Disponibilidad<\/strong>&nbsp;(parte de la triada de la informaci\u00f3n): Mantener activo el acceso a la informaci\u00f3n necesaria a aquellas personas que deben tener acceso a la misma en el momento que sea necesario.<\/li>\n\n\n\n<li><strong>Datos personales<\/strong>: Aquellos relativos a cualquier informaci\u00f3n concerniente a personas naturales, identificadas o identificables, de conformidad con lo dispuesto en la Ley N\u00b019.628, sobre Protecci\u00f3n de la Vida Privada.<\/li>\n\n\n\n<li><strong>Dato Estad\u00edstico<\/strong>: Dato que en su origen o como consecuencia de su tratamiento, no puede ser asociado a un(a) titular identificado(a) o identificable.<\/li>\n\n\n\n<li><strong>Titular<\/strong>: Persona natural a la que se refieren los datos de car\u00e1cter personal, de conformidad con lo dispuesto en la Ley N\u00b019.628, sobre Protecci\u00f3n de la Vida Privada.<\/li>\n\n\n\n<li><strong>Responsable de datos<\/strong>: Persona natural o jur\u00eddica privada, o el respectivo organismo p\u00fablico, a quien compete las decisiones relacionadas con el tratamiento de los datos de car\u00e1cter personal, de conformidad con lo dispuesto en la Ley N\u00b019.628, sobre Protecci\u00f3n de la Vida Privada.<\/li>\n\n\n\n<li><strong>Plataforma o Sistema computacional<\/strong>: Sitios web de la Universidad de chile, aplicaci\u00f3n m\u00f3vil, sistemas de matr\u00edcula, foros, U-Campus, U-Cursos, wiki de soporte, servicios cec, entre otros.<\/li>\n\n\n\n<li><strong>Cookies<\/strong>: Peque\u00f1as unidades de informaci\u00f3n que se almacenan de forma temporaria en el computador o dispositivo m\u00f3vil.<\/li>\n<\/ol>\n\n\n\n<p>Fecha de aprobaci\u00f3n: 13 de enero de 2021<\/p>\n<\/div>\n\n\n\n<div class=\"wp-block-column is-layout-flow wp-block-column-is-layout-flow\" style=\"flex-basis:33.33%\">\n<p><strong>Documento<\/strong><\/p>\n\n\n\n<p><a rel=\"noreferrer noopener\" href=\"https:\/\/vti.uchile.cl\/wp-content\/uploads\/2021\/01\/Resolucion-N%C2%B0061_politica_privacidad_y_datos.pdf\" target=\"_blank\">Resoluci\u00f3n Exenta N\u00b0061 que&nbsp;<strong>\u201cAprueba Pol\u00edtica Ejecutiva de Privacidad de la Informaci\u00f3n y Datos Personales de la Universidad de Chile\u201d<\/strong><\/a><\/p>\n<\/div>\n<\/div>\n","protected":false},"excerpt":{"rendered":"<p>La Universidad de Chile, en adelante \u201cla Universidad\u201d, por medio del presente instrumento, pone en conocimiento de todas las personas que accedan a sus portales, en adelante \u201clos(as) usuarios(as)\u201d, la Pol\u00edtica de Privacidad de la Informaci\u00f3n y Datos Personales que a continuaci\u00f3n se detalla, estableci\u00e9ndose que, al acceder a cualquiera de sus portales, quien lo&hellip;&nbsp;<a href=\"https:\/\/www.semanadeladocencia.uchile.cl\/?page_id=5096\" rel=\"bookmark\">Leer m\u00e1s &raquo;<span class=\"screen-reader-text\">Pol\u00edtica de Privacidad de la Informaci\u00f3n y Datos Personales de la Universidad de Chile<\/span><\/a><\/p>\n","protected":false},"author":3,"featured_media":0,"parent":0,"menu_order":0,"comment_status":"closed","ping_status":"closed","template":"","meta":{"neve_meta_sidebar":"full-width","neve_meta_container":"contained","neve_meta_enable_content_width":"on","neve_meta_content_width":80,"neve_meta_title_alignment":"","neve_meta_author_avatar":"","neve_post_elements_order":"","neve_meta_disable_header":"","neve_meta_disable_footer":"","neve_meta_disable_title":"","footnotes":""},"class_list":["post-5096","page","type-page","status-publish","hentry"],"_links":{"self":[{"href":"https:\/\/www.semanadeladocencia.uchile.cl\/index.php?rest_route=\/wp\/v2\/pages\/5096","targetHints":{"allow":["GET"]}}],"collection":[{"href":"https:\/\/www.semanadeladocencia.uchile.cl\/index.php?rest_route=\/wp\/v2\/pages"}],"about":[{"href":"https:\/\/www.semanadeladocencia.uchile.cl\/index.php?rest_route=\/wp\/v2\/types\/page"}],"author":[{"embeddable":true,"href":"https:\/\/www.semanadeladocencia.uchile.cl\/index.php?rest_route=\/wp\/v2\/users\/3"}],"replies":[{"embeddable":true,"href":"https:\/\/www.semanadeladocencia.uchile.cl\/index.php?rest_route=%2Fwp%2Fv2%2Fcomments&post=5096"}],"version-history":[{"count":2,"href":"https:\/\/www.semanadeladocencia.uchile.cl\/index.php?rest_route=\/wp\/v2\/pages\/5096\/revisions"}],"predecessor-version":[{"id":5574,"href":"https:\/\/www.semanadeladocencia.uchile.cl\/index.php?rest_route=\/wp\/v2\/pages\/5096\/revisions\/5574"}],"wp:attachment":[{"href":"https:\/\/www.semanadeladocencia.uchile.cl\/index.php?rest_route=%2Fwp%2Fv2%2Fmedia&parent=5096"}],"curies":[{"name":"wp","href":"https:\/\/api.w.org\/{rel}","templated":true}]}}